{"id":132,"date":"2025-10-17T13:51:23","date_gmt":"2025-10-17T11:51:23","guid":{"rendered":"http:\/\/grupos.unican.es\/ahir\/?page_id=132"},"modified":"2025-10-17T13:51:23","modified_gmt":"2025-10-17T11:51:23","slug":"132-2","status":"publish","type":"page","link":"https:\/\/grupos.unican.es\/ahir\/proyectos-de-investigacion\/132-2\/","title":{"rendered":""},"content":{"rendered":"<h5 data-canvas-width=\"707.4769604420109\"><span style=\"color: #008080;\"><strong>Paisaje Hist\u00f3rico\u00a0de Campoo Los Valles 2016<\/strong><\/span><\/h5>\n<h5>Investigador principal:<\/h5>\n<p>Jos\u00e9 Manuel Iglesias Gil<\/p>\n<h5>Entidad financiadora:<\/h5>\n<p>Gobierno de Cantabria (Consejer\u00eda de Educaci\u00f3n, Cultura y Deporte).<\/p>\n<p><strong>Otros investigadores<\/strong>: Alicia Ruiz, Juan Jose Cepeda, Carolina Cort\u00e9s, Jesus Ignacio Jim\u00e9nez Chaparro; Alejandro Fern\u00e1ndez Gonz\u00e1lez; Javier S\u00e1nchez Espeso.<\/p>\n<div data-canvas-width=\"707.4769604420109\"><strong>P\u00e1gina web<\/strong>:\u00a0<a href=\"https:\/\/www.facebook.com\/Paisaje-arqueol%C3%B3gico-Campoo-Los-Valles-904190336319131\/\">https:\/\/www.facebook.com\/Paisaje-arqueol\u00f3gico-Campoo-Los-Valles-904190336319131\/<\/a><\/div>\n<h5 data-canvas-width=\"707.4769604420109\"><\/h5>\n<h5 data-canvas-width=\"707.4769604420109\"><strong>Actividades<\/strong><\/h5>\n<div data-canvas-width=\"707.4769604420109\"><\/div>\n<div style=\"text-align: justify;\" data-canvas-width=\"707.4769604420109\"><span style=\"color: #008080;\"><a href=\"https:\/\/grupos.unican.es\/ahir\/poster-pinturas-de-camesa-rebolledo\/\">Participaci\u00f3n en el <em>XXIX<\/em>\u00a0<em>Colloque<\/em> de l&#8217;Association Fran\u00e7aise pour la Peinture Murale Antique\u00a0<\/a><br \/>\n<span style=\"color: #000000;\">Juan Jos\u00e9 Cepeda y Carolina Cort\u00e9s han participado los d\u00edas 18 y 19 de noviembre de 2016 en el XXIX Colloque de l&#8217;Association Fran\u00e7aise pour la Peinture Murale Antique (AFPMA) que ha tenido lugar en Louvres (Val d&#8217;Oise, Francia).<\/span><br \/>\n<\/span><\/div>\n<div style=\"text-align: justify;\" data-canvas-width=\"707.4769604420109\"><\/div>\n<div style=\"text-align: justify;\" data-canvas-width=\"707.4769604420109\"><span style=\"color: #008080;\">JORNADA DE PUERTAS ABIERTAS<\/span><br \/>\nEl 6 de septiembre de el equipo arqueol\u00f3gico explic\u00f3 los resultados de la campa\u00f1a arqueol\u00f3gica de 2016\u00a0a todos los que se acercaron\u00a0a las excavaciones en el sector de La Cueva en Camesa Rebolledo.<\/div>\n<div style=\"text-align: justify;\" data-canvas-width=\"707.4769604420109\"><\/div>\n<div style=\"text-align: justify;\" data-canvas-width=\"707.4769604420109\"><\/div>\n<div style=\"text-align: justify;\" data-canvas-width=\"707.4769604420109\"><span style=\"color: #008080;\">Charla-Coloquio \u00abProyecto de recuperaci\u00f3n del campamento romano de El Cincho (La Poblaci\u00f3n)\u00bb<\/span><\/div>\n<div style=\"text-align: justify;\" data-canvas-width=\"707.4769604420109\">El 30 de agosto de 2016\u00a0el arque\u00f3logo Manuel Garc\u00eda Alonso present\u00f3\u00a0el Proyecto de recuperaci\u00f3n del campamento romano de El Cincho (La Poblaci\u00f3n) en el sal\u00f3n de actos del pabell\u00f3n municipal de La Poblaci\u00f3n de Campoo de Yuso. Despu\u00e9s se realiz\u00f3 una visita al yacimiento para conocer los vestigios del campamento romano.<\/div>\n<div style=\"text-align: justify;\" data-canvas-width=\"707.4769604420109\"><\/div>\n<div style=\"text-align: justify;\" data-canvas-width=\"707.4769604420109\"><\/div>\n<div style=\"text-align: justify;\" data-canvas-width=\"707.4769604420109\"><span style=\"color: #008080;\">Charla-Coloquio \u00abEstas tierras son romanas\u00bb<\/span><\/div>\n<div style=\"text-align: justify;\" data-canvas-width=\"707.4769604420109\">El 11 de agosto de 2016 Carolina Cort\u00e9s imparti\u00f3 la charla coloquio \u00abEstas tierras son romanas\u00bb en la localidad de Mataporquera. Le sigui\u00f3 la visita a las excavaciones arqueol\u00f3gicas del sector de la Cueva en el yacimiento de Camesa-Rebolledo con la explicaci\u00f3n del equipo arqueol\u00f3gico.<\/div>\n<div style=\"text-align: justify;\" data-canvas-width=\"707.4769604420109\"><\/div>\n<div style=\"text-align: justify;\" data-canvas-width=\"707.4769604420109\"><\/div>\n<div style=\"text-align: justify;\" data-canvas-width=\"707.4769604420109\"><\/div>\n<div data-canvas-width=\"707.4769604420109\"><\/div>\n<h5 data-canvas-width=\"707.4769604420109\"><\/h5>\n","protected":false},"excerpt":{"rendered":"<p>Paisaje Hist\u00f3rico\u00a0de Campoo Los Valles 2016 Investigador principal: Jos\u00e9 Manuel Iglesias Gil Entidad financiadora: Gobierno de Cantabria (Consejer\u00eda de Educaci\u00f3n, Cultura y Deporte). Otros investigadores: Alicia Ruiz, Juan Jose Cepeda, Carolina Cort\u00e9s, Jesus Ignacio Jim\u00e9nez Chaparro; Alejandro Fern\u00e1ndez Gonz\u00e1lez; Javier S\u00e1nchez Espeso. P\u00e1gina web:\u00a0https:\/\/www.facebook.com\/Paisaje-arqueol\u00f3gico-Campoo-Los-Valles-904190336319131\/ Actividades Participaci\u00f3n en el XXIX\u00a0Colloque de l&#8217;Association Fran\u00e7aise pour la Peinture &hellip; <a href=\"https:\/\/grupos.unican.es\/ahir\/proyectos-de-investigacion\/132-2\/\" class=\"more-link\">Continuar leyendo<span class=\"screen-reader-text\"> \u00ab\u00bb<\/span><\/a><\/p>\n","protected":false},"author":1,"featured_media":0,"parent":18,"menu_order":0,"comment_status":"closed","ping_status":"closed","template":"","meta":{"footnotes":""},"class_list":["post-132","page","type-page","status-publish","hentry"],"_links":{"self":[{"href":"https:\/\/grupos.unican.es\/ahir\/wp-json\/wp\/v2\/pages\/132","targetHints":{"allow":["GET"]}}],"collection":[{"href":"https:\/\/grupos.unican.es\/ahir\/wp-json\/wp\/v2\/pages"}],"about":[{"href":"https:\/\/grupos.unican.es\/ahir\/wp-json\/wp\/v2\/types\/page"}],"author":[{"embeddable":true,"href":"https:\/\/grupos.unican.es\/ahir\/wp-json\/wp\/v2\/users\/1"}],"replies":[{"embeddable":true,"href":"https:\/\/grupos.unican.es\/ahir\/wp-json\/wp\/v2\/comments?post=132"}],"version-history":[{"count":8,"href":"https:\/\/grupos.unican.es\/ahir\/wp-json\/wp\/v2\/pages\/132\/revisions"}],"predecessor-version":[{"id":448,"href":"https:\/\/grupos.unican.es\/ahir\/wp-json\/wp\/v2\/pages\/132\/revisions\/448"}],"up":[{"embeddable":true,"href":"https:\/\/grupos.unican.es\/ahir\/wp-json\/wp\/v2\/pages\/18"}],"wp:attachment":[{"href":"https:\/\/grupos.unican.es\/ahir\/wp-json\/wp\/v2\/media?parent=132"}],"curies":[{"name":"wp","href":"https:\/\/api.w.org\/{rel}","templated":true}]}}