{"id":14,"date":"2025-10-17T13:51:18","date_gmt":"2025-10-17T11:51:18","guid":{"rendered":"http:\/\/grupos.unican.es\/ahir\/?page_id=14"},"modified":"2025-10-17T13:51:18","modified_gmt":"2025-10-17T11:51:18","slug":"integrantes-del-grupo","status":"publish","type":"page","link":"https:\/\/grupos.unican.es\/ahir\/integrantes-del-grupo\/","title":{"rendered":"Integrantes del grupo"},"content":{"rendered":"\n<div class=\"wp-block-group\"><div class=\"wp-block-group__inner-container is-layout-flow wp-block-group-is-layout-flow\">\n<p style=\"text-align: justify;\"><a href=\"https:\/\/unican.academia.edu\/MarMarcos\"><strong>Mar Marcos\u00a0Sanchez<\/strong><\/a><\/p>\n<p style=\"text-align: justify;\"><img loading=\"lazy\" decoding=\"async\" class=\"alignleft  wp-image-165\" src=\"https:\/\/grupos.unican.es\/ahir\/wp-content\/uploads\/2016\/06\/web-grupo-150x150.jpg\" alt=\"web-grupo\" width=\"163\" height=\"163\" \/>Catedr\u00e1tica de Historia Antigua en la Universidad de Cantabria. Realiz\u00f3 estudios postdoctorales en la Universidad de Oxford (1990-1992) y ha sido profesora visitante en la Universidad Par\u00eds 13, en Harvard, en Oxford y en Roma-Sapienza. Es especialista en Historia de Roma en la Antig\u00fcedad Tard\u00eda y en Historia de las Religiones en el Mediterr\u00e1neo Antiguo. Ha sido Investigadora Principal de cinco proyectos I+D del Plan Nacional. Es Presidenta de la Sociedad Espa\u00f1ola de Ciencias de las Religiones (SECR) y Vicepresidenta de la International Association for the History of Religions (IAHR). Ha sido Directora del Departamento de Ciencias Hist\u00f3ricas y Directora del \u00c1rea de Igualdad y Responsabilidad Social de la Universidad de Cantabria. En la actualidad dirige la Escuela de Doctorado de la Universidad de Cantabria. <a href=\"mailto:maria.marcos@unican.es\">maria.marcos@unican.es<\/a><\/p>\n<p><a href=\"https:\/\/unican.academia.edu\/JuanaTorres\"><strong>Juana Torres\u00a0Prieto<\/strong><\/a><\/p>\n<p style=\"text-align: justify;\"><a href=\"https:\/\/grupos.unican.es\/ahir\/wp-content\/uploads\/2016\/06\/Foto-Juana-1.jpg\"><img loading=\"lazy\" decoding=\"async\" class=\"alignleft wp-image-42\" src=\"https:\/\/grupos.unican.es\/ahir\/wp-content\/uploads\/2016\/06\/Foto-Juana-1-150x150.jpg\" alt=\"Foto Juana\" width=\"169\" height=\"169\" \/><\/a>Doctora en Filolog\u00eda Cl\u00e1sica por la Universidad de Salamanca, Catedr\u00e1tica de Filolog\u00eda Latina en la Universidad de Cantabria. Ha realizado varias estancias en Centros extranjeros, como la Universidad de Roma \u201cLa Sapienza\u201d, la de Harvard y la de Manchester. Ha impartido Conferencias y Cursos de Doctorado y de M\u00e1ster en varias Universidades espa\u00f1olas y europeas. Participa con regularidad en Congresos y Seminarios de \u00e1mbito internacional, cuyas Actas son puntualmente publicadas. Sus principales l\u00edneas de investigaci\u00f3n son: La historia de la mujer, Los conflictos pol\u00edtico-eclesi\u00e1sticos y La ret\u00f3rica en la literatura pol\u00e9mica cristiana. Ha dirigido y participado en diversos Proyectos de Investigaci\u00f3n I+D+I, que dieron lugar a varios libros y a numerosos art\u00edculos. <a href=\"mailto:juana.torres@unican.es\">juana.torres@unican.es<\/a><\/p>\n<p><strong><a href=\"http:\/\/unican.academia.edu\/AliciaRuizGuti%C3%A9rrez\">Alicia Ruiz Guti\u00e9rrez<\/a><\/strong><\/p>\n<p style=\"text-align: justify;\"><a href=\"https:\/\/grupos.unican.es\/ahir\/wp-content\/uploads\/2016\/06\/Foto_Alicia_Web-AHIR.jpg\"><img loading=\"lazy\" decoding=\"async\" class=\"alignleft wp-image-49 \" src=\"https:\/\/grupos.unican.es\/ahir\/wp-content\/uploads\/2016\/06\/Foto_Alicia_Web-AHIR-768x1024.jpg\" alt=\"foto_alicia_web-ahir\" width=\"166\" height=\"222\" srcset=\"https:\/\/grupos.unican.es\/ahir\/wp-content\/uploads\/2016\/06\/Foto_Alicia_Web-AHIR-768x1024.jpg 768w, https:\/\/grupos.unican.es\/ahir\/wp-content\/uploads\/2016\/06\/Foto_Alicia_Web-AHIR-225x300.jpg 225w, https:\/\/grupos.unican.es\/ahir\/wp-content\/uploads\/2016\/06\/Foto_Alicia_Web-AHIR.jpg 960w\" sizes=\"auto, (max-width: 166px) 85vw, 166px\" \/><\/a>Catedr\u00e1tica de Historia Antigua en la Universidad de Cantabria desde 2018. Ha realizado estancias de investigaci\u00f3n en el Institut Ausonius (Universit\u00e9 de Bordeaux 3-CNRS) y en la Universit\u00e9 de Toulouse II. Su actividad investigadora se centra en la Historia social y econ\u00f3mica del Imperio romano, especialmente de las provincias hispanas. En los \u00faltimos a\u00f1os se ha interesado especialmente por el estudio de la movilidad geogr\u00e1fica a partir de la epigraf\u00eda romana. Ha sido responsable de cinco proyectos de investigaci\u00f3n del Plan Nacional, incluyendo el que lidera actualmente, titulado \u201cUn imperio en movimiento: Web-SIG epigr\u00e1fica y an\u00e1lisis hist\u00f3rico de la circulaci\u00f3n de personas en el Occidente romano\u201d (2018-2021). Es Subdirectora del Departamento de Ciencias Hist\u00f3ricas y Coordinadora en la UC del Programa de Doctorado Interuniversitario en Ciencias de la Antig\u00fcedad (UC-UPV). <a href=\"mailto:alicia.ruiz@unican.es\">alicia.ruiz@unican.es<\/a> \u00a0<a href=\"http:\/\/aliciaruiz.weebly.com\">http:\/\/aliciaruiz.weebly.com<\/a><\/p>\n<p><a href=\"http:\/\/unican.academia.edu\/MiguelCisnerosCunchillos\"><strong>Miguel Cisneros Cunchillos<\/strong><\/a><\/p>\n<p><img loading=\"lazy\" decoding=\"async\" class=\"alignleft  wp-image-332\" src=\"https:\/\/grupos.unican.es\/ahir\/wp-content\/uploads\/2018\/07\/Academia_2017-150x150.jpg\" alt=\"\" width=\"175\" height=\"175\" \/><\/p>\n<p style=\"text-align: justify;\">Catedr\u00e1tico de Arqueolog\u00eda en la Universidad de Cantabria desde 2019. Doctor en Filosof\u00eda y Letras, secci\u00f3n Historia, por la Universidad de Zaragoza, en donde tambi\u00e9n fue profesor. Ha realizado estancias de investigaci\u00f3n en: Istituto de Arqueolog\u00eda de Coimbra, La Sapienza Universit\u00e0 di Roma e Institut of Classical Studies University of London. Su investigaci\u00f3n se orienta en la actualidad dentro de la Arqueolog\u00eda en el estudio de las piedras preciosas y ornamentales, as\u00ed como su imitaci\u00f3n en otros materiales (esqueuomorfismo) en \u00e9poca romana. Otra l\u00ednea de investigaci\u00f3n se centra en el an\u00e1lisis espacial, la arquitectura y urbanismo, poblamiento y organizaci\u00f3n del territorio, en especial, en \u00e1reas de monta\u00f1a y zonas fronterizas durante la Segunda Edad del Hierro y la \u00e9poca romana. <a href=\"mailto:miguel.cisneros@unican.es\">miguel.cisneros@unican.es<\/a><\/p>\n<p><a href=\"http:\/\/personales.unican.es\/ramosml\/\"><strong>Mar\u00eda Luisa Ramos S\u00e1inz<\/strong><\/a><\/p>\n<p style=\"text-align: justify;\"><img loading=\"lazy\" decoding=\"async\" class=\"alignleft  wp-image-167\" src=\"https:\/\/grupos.unican.es\/ahir\/wp-content\/uploads\/2016\/06\/marisa-150x150.jpg\" alt=\"marisa\" width=\"190\" height=\"190\" \/>Doctora en Prehistoria y Arqueolog\u00eda por la Universidad Aut\u00f3noma de Madrid, Profesora Titular de Arqueolog\u00eda en la Universidad de Cantabria. Ha realizado diversas estancias en centros extranjeros en Amsterdam, Roma y Burdeos. Ha sido Presidenta y fundadora de la <em>Asociaci\u00f3n Espa\u00f1ola de Arqueolog\u00eda Experimental: Experimenta<\/em>. Sus l\u00edneas de investigaci\u00f3n preferentes son: La Arqueolog\u00eda Funeraria, La Arquitectura Romana y la Arqueolog\u00eda Experimental protohist\u00f3rica e hist\u00f3rica. Ha escrito m\u00e1s de un centenar de art\u00edculos en publicaciones nacionales e internacionales as\u00ed como varios libros. Ha dirigido diversos proyectos de investigaci\u00f3n. Ha realizado investigaciones en numerosos yacimientos arqueol\u00f3gicos. Como directora y guionista de documentales arqueol\u00f3gicos ha recibido numerosos premios y distinciones en diversos festivales de cine internacionales. <a href=\"mailto:mluisa.ramos@unican.es\">mluisa.ramos@unican.es<\/a><\/p>\n<p><strong><a href=\"http:\/\/acerbiscv2016.wix.com\/silviaacerbi-unican\">Silvia Acerbi<\/a><\/strong><\/p>\n<p style=\"text-align: justify;\"><img loading=\"lazy\" decoding=\"async\" class=\"alignleft wp-image-214 \" src=\"https:\/\/grupos.unican.es\/ahir\/wp-content\/uploads\/2018\/01\/silvia-150x150.png\" alt=\"\" width=\"175\" height=\"175\" \/>Licenciada en Filolog\u00eda Cl\u00e1sica por la Universidad de Bolonia y Doctora en Historia por la de Cantabria, es Profesora Titular de Historia Antigua en esta Universidad. Se ha especializado en la investigaci\u00f3n del <em>Registrum Epistularum<\/em> de Gregorio Magno, en el estudio del Papado romano en el \u00e1mbito de la Pentarqu\u00eda y de los grandes Concilios Ecum\u00e9nicos del siglo V con alrededor de sesenta art\u00edculos. Es autora de cuatro monograf\u00edas y coeditora de cuatro obras colectivas. Investigadora Principal de una Acci\u00f3n Integrada hispano-italiana y de cuatro Proyectos de Investigaci\u00f3n del Plan Nacional, participa habitualmente como ponente en Congresos nacionales e internacionales y como docente en M\u00e1steres de diversas universidades. Ha realizado numerosas estancias de investigaci\u00f3n, especialmente en Universidades alemanas (Tubinga, Heidelberg, Berl\u00edn-Potsdam y M\u00fanich) e italianas. <a href=\"mailto:silvia.acerbi@unican.es\">silvia.acerbi@unican.es<\/a> <a href=\"http:\/\/acerbiscv2016.wixsite.com\/silviaacerbi-unican\">http:\/\/acerbiscv2016.wixsite.com\/silviaacerbi-unican<\/a><\/p>\n<p><strong><a href=\"http:\/\/unican.academia.edu\/CarolinaCortesBarcena\">Carolina Cort\u00e9s B\u00e1rcena<\/a><\/strong><\/p>\n<p><img loading=\"lazy\" decoding=\"async\" class=\"alignleft wp-image-433 size-thumbnail\" src=\"https:\/\/grupos.unican.es\/ahir\/wp-content\/uploads\/2023\/09\/Carol_biblio2-150x150.jpg\" alt=\"\" width=\"150\" height=\"150\" srcset=\"https:\/\/grupos.unican.es\/ahir\/wp-content\/uploads\/2023\/09\/Carol_biblio2-150x150.jpg 150w, https:\/\/grupos.unican.es\/ahir\/wp-content\/uploads\/2023\/09\/Carol_biblio2-300x300.jpg 300w, https:\/\/grupos.unican.es\/ahir\/wp-content\/uploads\/2023\/09\/Carol_biblio2-768x768.jpg 768w, https:\/\/grupos.unican.es\/ahir\/wp-content\/uploads\/2023\/09\/Carol_biblio2.jpg 891w\" sizes=\"auto, (max-width: 150px) 85vw, 150px\" \/><\/p>\n<p style=\"text-align: justify;\">Profesora Contratada Doctora en el \u00c1rea de Historia Antigua. Doctora por la Universidad de Cantabria, ha trabajado como profesora en la Universidad de Oviedo y en el Centro Asociado UNED\u00a0 Cantabria. Ha realizado diferentes estancias en centros de investigaci\u00f3n extranjeros como la Universit\u00e1 Ca&#8217; Foscari en Venecia, el Institut Ausonius en Burdeos, la Universidad de Manchester o Universit\u00e0 La Sapienza Roma donde se encuentra durante el curso 2022-2023. Su investigaci\u00f3n se centra en la Epigraf\u00eda romana y en la Historia y Arqueolog\u00eda de las provincias occidentales del Imperio romano, principalmente en la organizaci\u00f3n y delimitaci\u00f3n del territorio. Asimismo ha participado en diferentes proyectos arqueol\u00f3gicos, especialmente en los yacimientos de <em>Iuliobriga<\/em> y Camesa-Rebolledo.\u00a0 <a href=\"mailto:carolina.cortes@unican.es\">carolina.cortes@unican.es<\/a><\/p>\n<p style=\"text-align: left;\"><strong><a href=\"https:\/\/unican.academia.edu\/JuanJos\u00e9CepedaOcampo\">Juan Jos\u00e9 Cepeda Ocampo<\/a><\/strong><\/p>\n<p><img loading=\"lazy\" decoding=\"async\" class=\"alignleft  wp-image-204\" src=\"https:\/\/grupos.unican.es\/ahir\/wp-content\/uploads\/2016\/06\/Juanjo-150x150.jpg\" alt=\"\" width=\"170\" height=\"170\" \/><\/p>\n<p style=\"text-align: justify;\">Profesor Contratado Doctor en el \u00c1rea de Historia Antigua. Doctor en Historia Antigua por la Universidad del Pa\u00eds Vasco, ha trabajado como profesor en la Universidad de Deusto y en el Centro Asociado a la UNED en Bergara (Guip\u00fazcoa). Su actividad investigadora se centra en la Numism\u00e1tica y en la Arqueolog\u00eda de \u00e9poca prerromana y romana. Ha dirigido diferentes proyectos arqueol\u00f3gicos y forma parte del equipo que lleva a cabo las excavaciones de los yacimientos de <em>Iuliobriga<\/em> y Camesa-Rebolledo. <a href=\"mailto:cepedaj@unican.es\">cepedaj@unican.es<\/a><\/p>\n<p><a href=\"https:\/\/unican.academia.edu\/XandruFern%C3%A1ndezGonz%C3%A1lez\">Alejandro Fern\u00e1ndez Gonz\u00e1lez<\/a><\/p>\n<p style=\"text-align: justify;\"><img loading=\"lazy\" decoding=\"async\" class=\"alignleft size-thumbnail wp-image-425\" src=\"https:\/\/grupos.unican.es\/ahir\/wp-content\/uploads\/2023\/02\/alejandro-2-150x150.png\" alt=\"\" width=\"150\" height=\"150\" \/>Doctor en Ciencias de la Antig\u00fcedad por las universidades de Cantabria y el Pa\u00eds Vasco y miembro del equipo arqueol\u00f3gico del proyecto \u201cPaisaje Hist\u00f3rico de Campoo-Los Valles\u201d que lleva a cabo las excavaciones de los yacimientos de <em>Iuliobriga <\/em>y Camesa-Rebolledo. Ha realizado diversas estancias de investigaci\u00f3n en centros nacionales y extranjeros, entre la que destaca la realizada dentro del grupo \u201cPaisaje de las sociedades complejas\u201d del departamento de arqueolog\u00eda de la Universidad de Durham (Reino Unido). Actualmente se encuentra realizando su investigaci\u00f3n posdoctoral en colaboraci\u00f3n con el \u00e1rea de Arqueolog\u00eda de la Universidad de Oviedo. Sus investigaciones se centran en el estudio arqueol\u00f3gico del periodo tardoantiguo del norte peninsular, focaliz\u00e1ndose en el estudio de materiales, el conocimiento de la formaci\u00f3n del paisaje hist\u00f3rico y la complejidad social de las comunidades locales. <a href=\"fergonzaleza@unican.es\">fergonzaleza@unican.es<\/a><\/p>\n<p><strong><a href=\"https:\/\/unican.academia.edu\/ElisaManzo\">Elisa Manzo<\/a><\/strong><\/p>\n<p style=\"text-align: justify;\"><img loading=\"lazy\" decoding=\"async\" class=\"alignleft size-thumbnail wp-image-415\" src=\"https:\/\/grupos.unican.es\/ahir\/wp-content\/uploads\/2023\/01\/elisa-manzo-150x150.jpg\" alt=\"\" width=\"150\" height=\"150\" \/> Investigadora postdoctoral \u201cMargarita Salas\u201d por la Universidad de Cantabria y Adjunct Fellow por el Centre for Advanced Studies \u201cBeyond Canon_\u201d (Universidad de Regensburg). En 2021 obtuvo el Doctorado en \u201cScienze storiche, archeologiche e storico-artistiche\u201d por la Universit\u00e0 degli Studi di Napoli Federico II, en r\u00e9gimen de cotutela con el Doctorado en Ciencias de la Antig\u00fcedad por la Universidad de Cantabria. Sus l\u00edneas de investigaci\u00f3n se centran en el cristianismo antiguo (s. III-V), concretamente, estudia las relaciones entre cristianos y jud\u00edos en el marco del Imperio Romano, as\u00ed como el uso de textos apocal\u00edpticos en los debates teol\u00f3gicos de los siglos IV y V. En particular, se est\u00e1 especializando en la investigaci\u00f3n de las obras de Orosio (<em>Commonitorium<\/em>, <em>Liber Apologeticus<\/em>, <em>Historiae<\/em>), desde una perspectiva hist\u00f3rica. <a href=\"mailto:manzoe@unican.es\">manzoe@unican.es<\/a><\/p>\n<p><a href=\"https:\/\/unican.academia.edu\/DanielRio\"><strong>Daniel Rio Lago<\/strong><\/a><\/p>\n<p style=\"text-align: justify;\"><img loading=\"lazy\" decoding=\"async\" class=\"alignleft size-thumbnail wp-image-419\" src=\"https:\/\/grupos.unican.es\/ahir\/wp-content\/uploads\/2023\/01\/Imagen1-150x150.png\" alt=\"\" width=\"150\" height=\"150\" \/>Graduado en Estudios Cl\u00e1sicos y M\u00e1ster en Estudios Filol\u00f3gicos Superiores por la Universidad de Valladolid y, M\u00e1ster en Formaci\u00f3n del Profesorado de Educaci\u00f3n Secundaria Obligatoria y Bachillerato (especialidad: Lengua Latina) por la UNED. Es doctorando en el Programa de Doctorado en Filolog\u00eda. Estudios Ling\u00fc\u00edsticos y Literarios: Teor\u00eda y Aplicaciones en la UNED, y profesor asociado de Filolog\u00eda Latina en la Universidad de Cantabria. Desarrolla tambi\u00e9n su actividad docente en el Centro Asociado a la UNED en Cantabria como profesor tutor de Lengua Espa\u00f1ola. Su actividad investigadora se centra en las siguientes l\u00edneas: la edici\u00f3n, transmisi\u00f3n y recepci\u00f3n de textos cl\u00e1sicos durante el Renacimiento; la figura de Aldo Manuzio y su proyecto editorial; tradici\u00f3n editorial de los textos cl\u00e1sicos latinos en el Renacimiento hispano. <a href=\"mailto:riolagod@unican.es\">riolagod@unican.es<\/a><\/p>\n<p style=\"text-align: justify;\">\u00a0<\/p>\n<p><strong>Gianmarco Grantaliano<\/strong><\/p>\n<p style=\"text-align: justify;\"><img loading=\"lazy\" decoding=\"async\" class=\"alignleft size-thumbnail wp-image-421\" src=\"https:\/\/grupos.unican.es\/ahir\/wp-content\/uploads\/2023\/01\/Foto-per-AHIR-150x150.jpg\" alt=\"\" width=\"150\" height=\"150\" \/>Investigador contratado FPI en la Universidad de Cantabria desde 2021. En 2018 obtuvo la <em>Laurea Triennale<\/em> en \u201cStoria, Antropologia, Religioni\u201d en la Universit\u00e0 Sapienza di Roma y en 2020 la <em>Laurea Magistrale <\/em>en \u201cScienze storico-religiose\u201d. Actualmente realiza la tesis doctoral en cotutela entre la Universidad de Cantabria y la Universit\u00e0 Sapienza di Roma, bajo la direcci\u00f3n de los profesores Mar Marcos, Juana Torres y Alessandro Saggioro. Sus intereses cient\u00edficos se centran en la religi\u00f3n romana de \u00e9poca republicana republicana y las religiones del mundo imperial, la metodolog\u00eda de la historia de las religiones y la filosof\u00eda italiana entre los siglos XIX y XX. Su proyecto de tesis analiza el concepto de <em>paganus <\/em>en el mundo imperial, su relaci\u00f3n con la ciudadan\u00eda romana y su trayectoria hist\u00f3rica, sem\u00e1ntica, jur\u00eddica y religiosa hasta la antig\u00fcedad tard\u00eda.<\/p>\n<p>&nbsp;<\/p>\n<p><strong><a href=\"https:\/\/unican.academia.edu\/Jes%C3%BAsIgnacioJim%C3%A9nezChaparro\">Jes\u00fas Ignacio Jim\u00e9nez Chaparro<\/a><\/strong><\/p>\n<p style=\"text-align: justify;\"><img loading=\"lazy\" decoding=\"async\" class=\"alignleft size-thumbnail wp-image-388\" src=\"https:\/\/grupos.unican.es\/ahir\/wp-content\/uploads\/2019\/11\/Nacho-150x150.jpg\" alt=\"\" width=\"150\" height=\"150\" \/>Personal T\u00e9cnico de Apoyo a la Investigaci\u00f3n en la Universidad de Cantabria, desde\u00a0 2018 (Convocatoria del MICINN-AEI) . Licenciado en Historia por la Universidad de Oviedo (2006). Diploma de Estudios Avanzado por la Universidad de Cantabria (2010). Arque\u00f3logo especializado en Geom\u00e1tica, experto en SIG, fotogrametr\u00eda y prospecciones geof\u00edsicas. Ha dirigido varias excavaciones arqueol\u00f3gicas y es autor de numerosas publicaciones sobre temas de su especialidad <a href=\"mailto:jesusignacio.jimenez@unican.es\"><strong>jesusignacio.jimenez@unican.es<\/strong><\/a><\/p>\n<p style=\"text-align: justify;\">\u00a0<\/p>\n\n\n\n<p><p style=\"text-align: justify;\"><\/p>\n<\/div><\/div>\n\n\n\n<p><strong><a href=\"https:\/\/dialnet.unirioja.es\/servlet\/autor?codigo=123409\">Ram\u00f3n Teja Casuso<\/a><\/strong><\/p>\n\n\n<div class=\"wp-block-image\">\n<figure class=\"alignleft\"><img loading=\"lazy\" decoding=\"async\" width=\"150\" height=\"150\" src=\"https:\/\/grupos.unican.es\/ahir\/wp-content\/uploads\/2016\/06\/IMAGEN-PROF-RAMON-TEJA-150x150.jpg\" alt=\"imagen-prof-ramon-teja\" class=\"wp-image-163\"\/><\/figure>\n<\/div>\n\n\n<p>Doctor en Filolog\u00eda Cl\u00e1sica e Historia Antigua por la Universidad de Salamanca, 1972 y Doctor Honoris Causa por la Universidad de Bolonia en 2002. Catedr\u00e1tico de Historia Antigua de la Universidad de Cantabria desde 1978 y Catedr\u00e1tico Em\u00e9rito desde 2015. Su actividad investigadora se ha centrado especialmente en la Historia de Roma y del Imperio Romano en la Antig\u00fcedad Tard\u00eda as\u00ed como en la Historia del Cristianismo como fen\u00f3meno social en la Antig\u00fcedad y sus relaciones con el Juda\u00edsmo y el Paganismo. Ha quedado reflejada en m\u00e1s de ciento cincuenta publicaciones en diferentes idiomas. Ha dirigido o participado como ponente en m\u00e1s de cien Congresos y Encuentros internacionales y ha dirigido diez Tesis doctorales. Profesor Invitado habitual en diversas Universidades italianas. Es miembro del Consejo Cient\u00edfico de numerosas revistas. <a href=\"mailto:tejar@unican.es\">tejar@unican.es<\/a><\/p>\n\n\n\n<p><a href=\"https:\/\/dialnet.unirioja.es\/servlet\/autor?codigo=170676\"><strong>Jos\u00e9 Manuel Iglesias Gil<\/strong><\/a><\/p>\n\n\n<div class=\"wp-block-image\">\n<figure class=\"alignleft\"><img loading=\"lazy\" decoding=\"async\" width=\"150\" height=\"150\" src=\"https:\/\/grupos.unican.es\/ahir\/wp-content\/uploads\/2018\/01\/iglesias-150x150.jpg\" alt=\"\" class=\"wp-image-217\"\/><\/figure>\n<\/div>\n\n\n<p>Profesor Emerito <em>ad honorem<\/em>. Doctor en Filolog\u00eda Cl\u00e1sica por la Universidad de Salamanca (1975) y profesor de Historia Antigua de la Universidad de Extremadura (1975-1978). Es profesor de la Facultad de Filosof\u00eda y Letras de la Universidad de Cantabria desde su creaci\u00f3n en 1978 y catedr\u00e1tico de Historia Antigua desde 1993. Ha dirigido siete tesis doctorales, proyectos de investigaci\u00f3n competitivos y por adjudicaci\u00f3n e intervenciones arqueol\u00f3gicas en especial en <em>Flaviobriga<\/em> y <em>Iuliobriga<\/em>. Ha realizado estancias prolongadas de investigaci\u00f3n en el Institut Ausonuis (Universit\u00e9 Bordeaux3 del CNRS) y la Universit\u00e0 di Trieste. Su actividad investigadora se ha centrado en la sociedad y urbanismo de las provincias occidentales del Imperio romano con una especial incidencia en la epigraf\u00eda como fuente hist\u00f3rica. <a href=\"mailto:jose.iglesias@unican.es\">jose.iglesias@unican.es<\/a><\/p>\n","protected":false},"excerpt":{"rendered":"<p>Mar Marcos\u00a0Sanchez Catedr\u00e1tica de Historia Antigua en la Universidad de Cantabria. Realiz\u00f3 estudios postdoctorales en la Universidad de Oxford (1990-1992) y ha sido profesora visitante en la Universidad Par\u00eds 13, en Harvard, en Oxford y en Roma-Sapienza. Es especialista en Historia de Roma en la Antig\u00fcedad Tard\u00eda y en Historia de las Religiones en el &hellip; <a href=\"https:\/\/grupos.unican.es\/ahir\/integrantes-del-grupo\/\" class=\"more-link\">Continuar leyendo<span class=\"screen-reader-text\"> \u00abIntegrantes del grupo\u00bb<\/span><\/a><\/p>\n","protected":false},"author":1,"featured_media":0,"parent":0,"menu_order":0,"comment_status":"closed","ping_status":"closed","template":"","meta":{"footnotes":""},"class_list":["post-14","page","type-page","status-publish","hentry"],"_links":{"self":[{"href":"https:\/\/grupos.unican.es\/ahir\/wp-json\/wp\/v2\/pages\/14","targetHints":{"allow":["GET"]}}],"collection":[{"href":"https:\/\/grupos.unican.es\/ahir\/wp-json\/wp\/v2\/pages"}],"about":[{"href":"https:\/\/grupos.unican.es\/ahir\/wp-json\/wp\/v2\/types\/page"}],"author":[{"embeddable":true,"href":"https:\/\/grupos.unican.es\/ahir\/wp-json\/wp\/v2\/users\/1"}],"replies":[{"embeddable":true,"href":"https:\/\/grupos.unican.es\/ahir\/wp-json\/wp\/v2\/comments?post=14"}],"version-history":[{"count":57,"href":"https:\/\/grupos.unican.es\/ahir\/wp-json\/wp\/v2\/pages\/14\/revisions"}],"predecessor-version":[{"id":460,"href":"https:\/\/grupos.unican.es\/ahir\/wp-json\/wp\/v2\/pages\/14\/revisions\/460"}],"wp:attachment":[{"href":"https:\/\/grupos.unican.es\/ahir\/wp-json\/wp\/v2\/media?parent=14"}],"curies":[{"name":"wp","href":"https:\/\/api.w.org\/{rel}","templated":true}]}}