{"id":444,"date":"2025-10-17T13:51:16","date_gmt":"2025-10-17T11:51:16","guid":{"rendered":"https:\/\/grupos.unican.es\/ahir\/?page_id=444"},"modified":"2025-10-17T13:51:16","modified_gmt":"2025-10-17T11:51:16","slug":"444-2","status":"publish","type":"page","link":"https:\/\/grupos.unican.es\/ahir\/444-2\/","title":{"rendered":""},"content":{"rendered":"\n<h3 class=\"wp-block-heading\"><strong><mark style=\"background-color:rgba(0, 0, 0, 0);color:#068361\" class=\"has-inline-color\">Paisaje Hist\u00f3rico&nbsp;de Campoo Los Valles 2023<\/mark><\/strong><\/h3>\n\n\n\n<figure class=\"wp-block-image size-full is-resized\"><a href=\"https:\/\/grupos.unican.es\/ahir\/wp-content\/uploads\/2024\/03\/Logo-Paisaje.png\"><img loading=\"lazy\" decoding=\"async\" width=\"778\" height=\"293\" src=\"https:\/\/grupos.unican.es\/ahir\/wp-content\/uploads\/2024\/03\/Logo-Paisaje.png\" alt=\"\" class=\"wp-image-452\" style=\"width:224px;height:auto\" srcset=\"https:\/\/grupos.unican.es\/ahir\/wp-content\/uploads\/2024\/03\/Logo-Paisaje.png 778w, https:\/\/grupos.unican.es\/ahir\/wp-content\/uploads\/2024\/03\/Logo-Paisaje-300x113.png 300w, https:\/\/grupos.unican.es\/ahir\/wp-content\/uploads\/2024\/03\/Logo-Paisaje-768x289.png 768w\" sizes=\"auto, (max-width: 778px) 85vw, 778px\" \/><\/a><\/figure>\n\n\n\n<h5 class=\"wp-block-heading\">Investigador principal:<\/h5>\n\n\n\n<p>Juan Jos\u00e9 Cepeda Ocampo<\/p>\n\n\n\n<h5 class=\"wp-block-heading\">Entidad financiadora:<\/h5>\n\n\n\n<p>Gobierno de Cantabria (Consejer\u00eda de Cultura, Turismo y Deporte).<\/p>\n\n\n\n<figure class=\"wp-block-image size-large is-resized\"><a href=\"https:\/\/grupos.unican.es\/ahir\/wp-content\/uploads\/2024\/03\/CONSEJERIAS_0723-rgb_CULTURA.jpg\"><img loading=\"lazy\" decoding=\"async\" width=\"1024\" height=\"707\" src=\"https:\/\/grupos.unican.es\/ahir\/wp-content\/uploads\/2024\/03\/CONSEJERIAS_0723-rgb_CULTURA-1024x707.jpg\" alt=\"\" class=\"wp-image-455\" style=\"width:164px;height:auto\" srcset=\"https:\/\/grupos.unican.es\/ahir\/wp-content\/uploads\/2024\/03\/CONSEJERIAS_0723-rgb_CULTURA-1024x707.jpg 1024w, https:\/\/grupos.unican.es\/ahir\/wp-content\/uploads\/2024\/03\/CONSEJERIAS_0723-rgb_CULTURA-300x207.jpg 300w, https:\/\/grupos.unican.es\/ahir\/wp-content\/uploads\/2024\/03\/CONSEJERIAS_0723-rgb_CULTURA-768x530.jpg 768w, https:\/\/grupos.unican.es\/ahir\/wp-content\/uploads\/2024\/03\/CONSEJERIAS_0723-rgb_CULTURA.jpg 1029w\" sizes=\"auto, (max-width: 709px) 85vw, (max-width: 909px) 67vw, (max-width: 1362px) 62vw, 840px\" \/><\/a><\/figure>\n\n\n\n<p><strong>Investigadores<\/strong>: Alicia Ruiz, Carolina Cort\u00e9s, Alejandro Fern\u00e1ndez Gonz\u00e1lez; Jesus Ignacio Jim\u00e9nez Chaparro; Sebasti\u00e1n P\u00e9rez D\u00edaz; Javier Mar\u00eda S\u00e1nchez Espeso.<\/p>\n\n\n\n<p><strong>P\u00e1gina web<\/strong>:<a href=\"https:\/\/web.unican.es\/portal-investigador\/proyectos\/detalle-proyecto?pi=113285\">https:\/\/web.unican.es\/portal-investigador\/proyectos\/detalle-proyecto?pi=113285<\/a><\/p>\n\n\n\n<p>&nbsp;<a href=\"https:\/\/www.facebook.com\/Paisaje-arqueol%C3%B3gico-Campoo-Los-Valles-904190336319131\/\">https:\/\/www.facebook.com\/Paisaje-arqueol\u00f3gico-Campoo-Los-Valles-904190336319131\/<\/a><\/p>\n\n\n\n<h5 class=\"wp-block-heading\"><\/h5>\n\n\n\n<h5 class=\"wp-block-heading\"><strong>Actividades<\/strong><\/h5>\n\n\n\n<iframe loading=\"lazy\" src=\"https:\/\/www.facebook.com\/plugins\/post.php?href=https%3A%2F%2Fwww.facebook.com%2FPaisajearqueologicocampoo%2Fposts%2Fpfbid0vz3xXgW7tooPVHB7a7WDU1aivdSiiSWM7NUY7rJiM7KuaXsJqBfehod72r8hcAAFl&#038;show_text=true&#038;width=500\" width=\"500\" height=\"722\" style=\"border:none;overflow:hidden\" scrolling=\"no\" frameborder=\"0\" allowfullscreen=\"true\" allow=\"autoplay; clipboard-write; encrypted-media; picture-in-picture; web-share\"><\/iframe>\n\n\n\n\n<iframe loading=\"lazy\" src=\"https:\/\/www.facebook.com\/plugins\/post.php?href=https%3A%2F%2Fwww.facebook.com%2Fpermalink.php%3Fstory_fbid%3Dpfbid0zPBBvjSRSV34a62ULyTrG5T1VYr7cD5cEwcRzYSSCc3JTEciCNRXadRXcKE1fYFhl%26id%3D100069031073607&#038;show_text=true&#038;width=500\" width=\"500\" height=\"250\" style=\"border:none;overflow:hidden\" scrolling=\"no\" frameborder=\"0\" allowfullscreen=\"true\" allow=\"autoplay; clipboard-write; encrypted-media; picture-in-picture; web-share\"><\/iframe>\n\n\n\n<p>.<\/p>\n\n\n\n<p>El proyecto Paisaje Hist\u00f3rico de Campoo-Los Valles 2023 ha estado presente en el Coloquio Aquitania celebrado los d\u00edas 2-5 de octubre de 2023 en Santander. Entidad organizadora: Federation Aquitania &#8211; Universit\u00e9 Bordeaux-Montaigne:<a href=\"https:\/\/www.congresoaquitania.com\/\" target=\"_blank\" rel=\"noreferrer noopener\">https:\/\/www.congresoaquitania.com\/<\/a> <\/p>\n\n\n\n<figure class=\"wp-block-image size-full is-resized\"><a href=\"https:\/\/www.congresoaquitania.com\/\"><img loading=\"lazy\" decoding=\"async\" width=\"220\" height=\"203\" src=\"https:\/\/grupos.unican.es\/ahir\/wp-content\/uploads\/2024\/03\/logoaquitaniapeq2.png\" alt=\"\" class=\"wp-image-456\" style=\"width:95px;height:auto\"\/><\/a><\/figure>\n\n\n\n<p>.<\/p>\n\n\n\n<p><\/p>\n\n\n\n<p><\/p>\n","protected":false},"excerpt":{"rendered":"<p>Paisaje Hist\u00f3rico&nbsp;de Campoo Los Valles 2023 Investigador principal: Juan Jos\u00e9 Cepeda Ocampo Entidad financiadora: Gobierno de Cantabria (Consejer\u00eda de Cultura, Turismo y Deporte). Investigadores: Alicia Ruiz, Carolina Cort\u00e9s, Alejandro Fern\u00e1ndez Gonz\u00e1lez; Jesus Ignacio Jim\u00e9nez Chaparro; Sebasti\u00e1n P\u00e9rez D\u00edaz; Javier Mar\u00eda S\u00e1nchez Espeso. P\u00e1gina web:https:\/\/web.unican.es\/portal-investigador\/proyectos\/detalle-proyecto?pi=113285 &nbsp;https:\/\/www.facebook.com\/Paisaje-arqueol\u00f3gico-Campoo-Los-Valles-904190336319131\/ Actividades . El proyecto Paisaje Hist\u00f3rico de Campoo-Los Valles 2023 &hellip; <a href=\"https:\/\/grupos.unican.es\/ahir\/444-2\/\" class=\"more-link\">Continuar leyendo<span class=\"screen-reader-text\"> \u00ab\u00bb<\/span><\/a><\/p>\n","protected":false},"author":1,"featured_media":0,"parent":0,"menu_order":0,"comment_status":"closed","ping_status":"closed","template":"","meta":{"footnotes":""},"class_list":["post-444","page","type-page","status-publish","hentry"],"_links":{"self":[{"href":"https:\/\/grupos.unican.es\/ahir\/wp-json\/wp\/v2\/pages\/444","targetHints":{"allow":["GET"]}}],"collection":[{"href":"https:\/\/grupos.unican.es\/ahir\/wp-json\/wp\/v2\/pages"}],"about":[{"href":"https:\/\/grupos.unican.es\/ahir\/wp-json\/wp\/v2\/types\/page"}],"author":[{"embeddable":true,"href":"https:\/\/grupos.unican.es\/ahir\/wp-json\/wp\/v2\/users\/1"}],"replies":[{"embeddable":true,"href":"https:\/\/grupos.unican.es\/ahir\/wp-json\/wp\/v2\/comments?post=444"}],"version-history":[{"count":3,"href":"https:\/\/grupos.unican.es\/ahir\/wp-json\/wp\/v2\/pages\/444\/revisions"}],"predecessor-version":[{"id":458,"href":"https:\/\/grupos.unican.es\/ahir\/wp-json\/wp\/v2\/pages\/444\/revisions\/458"}],"wp:attachment":[{"href":"https:\/\/grupos.unican.es\/ahir\/wp-json\/wp\/v2\/media?parent=444"}],"curies":[{"name":"wp","href":"https:\/\/api.w.org\/{rel}","templated":true}]}}