{"id":89,"date":"2025-10-17T13:51:17","date_gmt":"2025-10-17T11:51:17","guid":{"rendered":"http:\/\/grupos.unican.es\/ahir\/?page_id=89"},"modified":"2025-10-17T13:51:17","modified_gmt":"2025-10-17T11:51:17","slug":"congresos-y-seminarios","status":"publish","type":"page","link":"https:\/\/grupos.unican.es\/ahir\/congresos-y-seminarios\/","title":{"rendered":"Actividades"},"content":{"rendered":"<p><span style=\"color: #008080;\"><strong>2017<\/strong><\/span><\/p>\n<p><span style=\"color: #008080;\">Conferencias<\/span><\/p>\n<p>A lo largo del a\u00f1o 2017 el grupo de investigaci\u00f3n ha organizado varias conferencias de diferentes investigadores de centros espa\u00f1oles y europeos. Los detalles de las mismas y los carteles se pueden ver en el <a href=\"https:\/\/www.facebook.com\/AHIR-Grupo-de-Investigaci%C3%B3n-711040272359527\/\">facebook<\/a> del grupo y en la p\u00e1gina de inicio de nuestra web:<\/p>\n<ul>\n<li>8 de noviembre:\u00a0\u00abEl origen del arte cristiano. Pintura en las catacumbas\u00bb de la Dra. Elena Mart\u00edn, profesora de la Universidad de Castilla la Mancha.<\/li>\n<li>27 de julio:\u00a0\u201cLa unidad de la Iglesia en Eusebio de Cesarea\u201d del\u00a0profesor de la Universidad de Bolonia Davide Danese.<\/li>\n<li>\u00a08 de junio: \u00abEl LUDUS como lenguaje simb\u00f3lico en el mundo tardoantiguo y bizantino\u201ddel Dr.\u00a0 Giorgio Vespignani (Universidad de Bolonia-Ravenna)<\/li>\n<li>9 de febrero: \u201cEl cristianismo tardoantiguo: una religi\u00f3n de reliquias y lugares santos\u201d del Dr. Pedro Castillo (Universidad de Ja\u00e9n).<\/li>\n<\/ul>\n<p><span style=\"color: #008080;\">Participaci\u00f3n en la Noche Europea de los Investigadores\u00a0<\/span><\/p>\n<p>El grupo AHIR estuvo presente el 29 de septiembre en la Noche Europea de los Investigadores organizada por la\u00a0<a class=\"profileLink\" href=\"https:\/\/www.facebook.com\/UCDivulga\/?fref=mentions\" target=\"_blank\" rel=\"noopener\">Unidad de Cultura Cient\u00edfica de la Universidad de Cantabria<\/a>.<br \/>\nMarisa Ramos imparti\u00f3 uno de los tallares con la proyecci\u00f3n del documental: \u00abVida en las termas\u00bb en el MVPAC\u00a0<a class=\"profileLink\" href=\"https:\/\/www.facebook.com\/MuseosCant\/?fref=mentions\" target=\"_blank\" rel=\"noopener\">Museos de Cantabria<\/a>.<br \/>\nAdem\u00e1s en el Club de la Comedia Cient\u00edfica participaron Mar Marcos con el m\u00f3nologo \u00abEva, el pecado y la Ciencia\u00bb y Marisa Ramos con \u00ab!Marchando: Una de tejado a la romana\u00a1\u00bb. Los v\u00eddeos se pueden visionar en la p\u00e1gina de inicio de la web.<br \/>\n<a class=\"_58cn\" href=\"https:\/\/www.facebook.com\/hashtag\/ern2017std?source=embed\" target=\"_blank\" rel=\"noopener\" data-ft=\"{&quot;tn&quot;:&quot;*N&quot;,&quot;type&quot;:104}\"><span class=\"_5afx\"><span class=\"_58cl _5afz\" aria-label=\"hashtag\">#<\/span><span class=\"_58cm\">ERN2017STD<\/span><\/span><\/a><\/p>\n<p><span style=\"color: #008080;\">Ciclo \u00abDe la Antig\u00fcedad a la Alta Edad Media\u00bb, Lecciones de Patrimonio del Aula de Patrimonio de la UC<\/span><\/p>\n<div class=\"_5pbx userContent _3576\" data-ft=\"{&quot;tn&quot;:&quot;K&quot;}\">\n<p>Visita a los yacimientos de Iuliobriga y Camesa que gui\u00f3 Carolina Cort\u00e9s dentro del ciclo \u00abDe la Antig\u00fcedad a la Alta Edad Media\u00bb de las Lecciones de Patrimonio del Aula de Patrimonio,\u00a0<a class=\"profileLink\" href=\"https:\/\/www.facebook.com\/uccampuscultural\/?fref=mentions\" target=\"_blank\" rel=\"noopener\">UC Campus Cultural<\/a>.<\/p>\n<\/div>\n<div class=\"_3x-2\" data-ft=\"{&quot;tn&quot;:&quot;H&quot;}\">\n<div data-ft=\"{&quot;tn&quot;:&quot;H&quot;}\">\n<div class=\"mtm\">\n<div class=\"_2a2q\">\n<div data-ft=\"{&quot;tn&quot;:&quot;E&quot;}\"><span style=\"color: #008080;\">Jornadas de Puertas Abiertas en los yacimientos de La Cueva-Camesa y el campamento romano de El Cincho<\/span><\/div>\n<\/div>\n<\/div>\n<\/div>\n<\/div>\n<p><img loading=\"lazy\" decoding=\"async\" class=\"alignleft wp-image-279 size-medium\" src=\"https:\/\/grupos.unican.es\/ahir\/wp-content\/uploads\/2018\/01\/21014120_1619104998160991_2449061421155166621_o-212x300.jpg\" alt=\"\" width=\"212\" height=\"300\" srcset=\"https:\/\/grupos.unican.es\/ahir\/wp-content\/uploads\/2018\/01\/21014120_1619104998160991_2449061421155166621_o-212x300.jpg 212w, https:\/\/grupos.unican.es\/ahir\/wp-content\/uploads\/2018\/01\/21014120_1619104998160991_2449061421155166621_o-768x1087.jpg 768w, https:\/\/grupos.unican.es\/ahir\/wp-content\/uploads\/2018\/01\/21014120_1619104998160991_2449061421155166621_o-724x1024.jpg 724w, https:\/\/grupos.unican.es\/ahir\/wp-content\/uploads\/2018\/01\/21014120_1619104998160991_2449061421155166621_o-1200x1698.jpg 1200w, https:\/\/grupos.unican.es\/ahir\/wp-content\/uploads\/2018\/01\/21014120_1619104998160991_2449061421155166621_o.jpg 1447w\" sizes=\"auto, (max-width: 212px) 85vw, 212px\" \/><\/p>\n<p><img loading=\"lazy\" decoding=\"async\" class=\"alignleft wp-image-280 size-medium\" src=\"https:\/\/grupos.unican.es\/ahir\/wp-content\/uploads\/2018\/01\/21013916_1621417787929712_8928862441810820498_o-212x300.jpg\" alt=\"\" width=\"212\" height=\"300\" srcset=\"https:\/\/grupos.unican.es\/ahir\/wp-content\/uploads\/2018\/01\/21013916_1621417787929712_8928862441810820498_o-212x300.jpg 212w, https:\/\/grupos.unican.es\/ahir\/wp-content\/uploads\/2018\/01\/21013916_1621417787929712_8928862441810820498_o-768x1087.jpg 768w, https:\/\/grupos.unican.es\/ahir\/wp-content\/uploads\/2018\/01\/21013916_1621417787929712_8928862441810820498_o-724x1024.jpg 724w, https:\/\/grupos.unican.es\/ahir\/wp-content\/uploads\/2018\/01\/21013916_1621417787929712_8928862441810820498_o-1200x1698.jpg 1200w, https:\/\/grupos.unican.es\/ahir\/wp-content\/uploads\/2018\/01\/21013916_1621417787929712_8928862441810820498_o.jpg 1447w\" sizes=\"auto, (max-width: 212px) 85vw, 212px\" \/><\/p>\n<p>&nbsp;<\/p>\n<p>&nbsp;<\/p>\n<p>&nbsp;<\/p>\n<p>&nbsp;<\/p>\n<p>&nbsp;<\/p>\n<p>&nbsp;<\/p>\n<p><span style=\"color: #008080;\">Ciclo de Charlas ARQUEOLOG\u00cdA EN CAMPOO LOS VALLES<\/span><\/p>\n<p><img loading=\"lazy\" decoding=\"async\" class=\"alignleft wp-image-270 size-medium\" src=\"https:\/\/grupos.unican.es\/ahir\/wp-content\/uploads\/2018\/01\/20451946_1592416390829852_7350559488785056616_o-212x300.jpg\" alt=\"\" width=\"212\" height=\"300\" srcset=\"https:\/\/grupos.unican.es\/ahir\/wp-content\/uploads\/2018\/01\/20451946_1592416390829852_7350559488785056616_o-212x300.jpg 212w, https:\/\/grupos.unican.es\/ahir\/wp-content\/uploads\/2018\/01\/20451946_1592416390829852_7350559488785056616_o-768x1087.jpg 768w, https:\/\/grupos.unican.es\/ahir\/wp-content\/uploads\/2018\/01\/20451946_1592416390829852_7350559488785056616_o-724x1024.jpg 724w, https:\/\/grupos.unican.es\/ahir\/wp-content\/uploads\/2018\/01\/20451946_1592416390829852_7350559488785056616_o-1200x1698.jpg 1200w, https:\/\/grupos.unican.es\/ahir\/wp-content\/uploads\/2018\/01\/20451946_1592416390829852_7350559488785056616_o.jpg 1447w\" sizes=\"auto, (max-width: 212px) 85vw, 212px\" \/><\/p>\n<p>&nbsp;<\/p>\n<p>Los d\u00edas 8, 9 y 10 de agosto el equipo del proyecto organiz\u00f3 un ciclo de charlas sobre los yacimientos en los que trabajaron durante la campa\u00f1a arqueol\u00f3gica de 2017. Tras cada una de ellas, se traslad\u00f3 a los asistentes al correspondiente yacimiento para una visita guiada. Las fotos de las visitas y las charlas se pueden ver en el facebook del proyecto.<\/p>\n<p>&nbsp;<\/p>\n<p>&nbsp;<\/p>\n<p><span style=\"color: #008080;\">Participaci\u00f3n en el Campus Infantil de la Universidad de Cantabria<\/span><\/p>\n<p>Un a\u00f1o m\u00e1s nuestro grupo de investigaci\u00f3n ha participado en el Campus Infantil de la Universidad de Cantabria con\u00a0 el taller \u00ab<a href=\"https:\/\/www.facebook.com\/permalink.php?story_fbid=1064655876997963&amp;id=711040272359527\">Escribiendo una carta romana<\/a>\u00bb impartido por Carolina Cort\u00e9s.<\/p>\n<p><span style=\"color: #008080;\">Jornada Internacional de Investigaci\u00f3n en Ciencias de la Antig\u00fcedad\u00a0<\/span><\/p>\n<p>El 19 de junio se desarrollo la Jornada Internacional de Investigaci\u00f3n en Ciencias de la Antig\u00fcedad en la Escuela de Doctorado de la Universidad de Cantabria.<\/p>\n<div id=\"js_16v\" class=\"_5pbx userContent _3576\" data-ft=\"{&quot;tn&quot;:&quot;K&quot;}\">\n<p>&nbsp;<\/p>\n<\/div>\n<div class=\"_3x-2\">\n<div data-ft=\"{&quot;tn&quot;:&quot;H&quot;}\">\n<div class=\"mtm\">\n<div class=\"_2a2q\"><\/div>\n<\/div>\n<\/div>\n<\/div>\n<p><strong><span style=\"color: #008080;\">Seminario de Epigraf\u00eda e Historia Antigua \u00abMujeres en el Mundo Romano\u00bb\u00a0<\/span><\/strong><br \/>\n<img loading=\"lazy\" decoding=\"async\" class=\"alignleft wp-image-240 size-medium\" src=\"https:\/\/grupos.unican.es\/ahir\/wp-content\/uploads\/2018\/01\/17966454_1002622776534607_230161610930151449_o-212x300.jpg\" alt=\"\" width=\"212\" height=\"300\" srcset=\"https:\/\/grupos.unican.es\/ahir\/wp-content\/uploads\/2018\/01\/17966454_1002622776534607_230161610930151449_o-212x300.jpg 212w, https:\/\/grupos.unican.es\/ahir\/wp-content\/uploads\/2018\/01\/17966454_1002622776534607_230161610930151449_o-768x1086.jpg 768w, https:\/\/grupos.unican.es\/ahir\/wp-content\/uploads\/2018\/01\/17966454_1002622776534607_230161610930151449_o-724x1024.jpg 724w, https:\/\/grupos.unican.es\/ahir\/wp-content\/uploads\/2018\/01\/17966454_1002622776534607_230161610930151449_o-1200x1697.jpg 1200w, https:\/\/grupos.unican.es\/ahir\/wp-content\/uploads\/2018\/01\/17966454_1002622776534607_230161610930151449_o.jpg 1448w\" sizes=\"auto, (max-width: 212px) 85vw, 212px\" \/><\/p>\n<p>&nbsp;<\/p>\n<p>El jueves 25 de mayo tuvo lugar el Seminario de Epigraf\u00eda e Historia Antigua \u00abMujeres en el Mundo Romano\u00bb dirigido por Alicia Ruiz Guti\u00e9rrez y Pilar Pav\u00f3n Torrej\u00f3n.<\/p>\n<p>&nbsp;<\/p>\n<p>&nbsp;<\/p>\n<p>&nbsp;<\/p>\n<p><span style=\"color: #008080;\">D\u00eda Internacional de la Mujer<\/span><\/p>\n<p>La profesora Juana Torres particip\u00f3 en las actividades organizadas por el\u00a0<a class=\"_58cn\" href=\"https:\/\/www.facebook.com\/hashtag\/mvpac?source=feed_text&amp;story_id=971109659685919\" data-ft=\"{&quot;tn&quot;:&quot;*N&quot;,&quot;type&quot;:104}\"><span class=\"_5afx\"><span class=\"_58cl _5afz\" aria-label=\"hashtag\">#<\/span><span class=\"_58cm\">MVPAC<\/span><\/span><\/a>\u00a0con motivo del D\u00eda Internacional de la Mujer con la conferencia \u00abSer mujer en la sociedad greco-romana\u00bb.\u00a0Por dicho motivo concedi\u00f3 una entrevista al programa Cuarta Hora de Radio Nacional.\u00a0 Os dejamos el enlace a la entrevista, que comienza en el minuto 3:40. !Buena escucha!:\u00a0<a href=\"https:\/\/l.facebook.com\/l.php?u=http%3A%2F%2Frtve.es%2Fa%2F3938052&amp;h=ATMGyHdbTfX846BaCFq1DuUGs1-2kYZ7geKFeP9alELCCWIZwsn-_vYbcraA4lpAqE1MZIQsUjHvd_3fvjKJ9duMnROJRrUnE9Dkk7PaSwJdfjf1l1H7Zv5YUIcoCJ9e38qT_MlPidw_ig3eI4nW1zvfY0uBE9W-k0WuTVlcsYRUbYq7NTUor2z__Lt-lzzMENR9MjB6tFBi_KjeaWuGRkZpLy4g-1-MNiU4l990yZcxsynJXk1Rg_p0dW8iFKOYGNtZg2bIfSy4Vl69_8JQECbjmb0QwlSdHL_ghw\" target=\"_blank\" rel=\"noopener nofollow\" data-ft=\"{&quot;tn&quot;:&quot;-U&quot;}\" data-lynx-mode=\"async\">http:\/\/rtve.es\/a\/3938052<\/a><\/p>\n<p><span style=\"color: #008080;\">XXIII Encuentro de Estudios Religiones de ayer y hoy<\/span><\/p>\n<p>El 9, 10 y 11 de febrero se desarroll\u00f3\u00a0\u00a0en la localidad c\u00e1ntabra de\u00a0 Cosgaya el XXIII Encuentro de Estudios Religiones de ayer y hoy, \u00abLas nuevas tecnolog\u00edas al servicio de la docencia y la investigaci\u00f3n de las religiones\u00bb, dirigido por el profesor Ram\u00f3n Teja. Reuni\u00f3 a a diecinueve especialistas\u00a0 de diferentes universidades espa\u00f1olas y europeas.<\/p>\n<p><img loading=\"lazy\" decoding=\"async\" class=\"alignleft wp-image-224 size-medium\" src=\"https:\/\/grupos.unican.es\/ahir\/wp-content\/uploads\/2018\/01\/16665817_958080500988835_9171664325605459113_o-212x300.jpg\" alt=\"\" width=\"212\" height=\"300\" srcset=\"https:\/\/grupos.unican.es\/ahir\/wp-content\/uploads\/2018\/01\/16665817_958080500988835_9171664325605459113_o-212x300.jpg 212w, https:\/\/grupos.unican.es\/ahir\/wp-content\/uploads\/2018\/01\/16665817_958080500988835_9171664325605459113_o-768x1086.jpg 768w, https:\/\/grupos.unican.es\/ahir\/wp-content\/uploads\/2018\/01\/16665817_958080500988835_9171664325605459113_o-724x1024.jpg 724w, https:\/\/grupos.unican.es\/ahir\/wp-content\/uploads\/2018\/01\/16665817_958080500988835_9171664325605459113_o-1200x1697.jpg 1200w, https:\/\/grupos.unican.es\/ahir\/wp-content\/uploads\/2018\/01\/16665817_958080500988835_9171664325605459113_o.jpg 1448w\" sizes=\"auto, (max-width: 212px) 85vw, 212px\" \/><\/p>\n<p>&nbsp;<\/p>\n<p>&nbsp;<\/p>\n<p>&nbsp;<\/p>\n<p>&nbsp;<\/p>\n<p>&nbsp;<\/p>\n<p>&nbsp;<\/p>\n<p><span style=\"color: #008080;\"><strong>2016<\/strong><\/span><\/p>\n<p><span style=\"color: #008080;\">Semana de la Ciencia 2016<\/span><\/p>\n<p>Parte de nuestro grupo de investigaci\u00f3n particip\u00f3 en la Semana de la Ciencia 2016 de la Universidad de Cantabria con el taller \u00abViajar y comunicarse en \u00e9poca romana\u00bb. Alicia Ruiz, Carolina Cort\u00e9s y Alejandro Fern\u00e1ndez, integrantes del Proyecto HAR2013-40762-P \u00abMovilidad, arraigo y registro epigr\u00e1fico de la memoria en el Imperio romano: estudio hist\u00f3rico y cartogr\u00e1fico\u00bb ense\u00f1aron a estudiantes de primero y segundo de la E.S.O. c\u00f3mo se viajaba y se comunicaba en \u00e9poca romana.<\/p>\n<p><span style=\"color: #008080;\">Presentaci\u00f3n del libro\u00a0homenaje al Dr. Ram\u00f3n Teja \u00abEl obispo en la Antig\u00fcedad Tard\u00eda\u00bb<\/span><\/p>\n<p>El pasado viernes se present\u00f3 el libro homenaje al Dr. Ram\u00f3n Teja \u00ab<a href=\"https:\/\/www.facebook.com\/permalink.php?story_fbid=764506807012873&amp;id=711040272359527\">El obispo en la Antig\u00fcedad Tard\u00eda<\/a>\u00ab. En \u00e9l veinte profesores e investigadores de diferentes universidades espa\u00f1olas analizan las m\u00faltiples facetas representadas por la figura del obispo en la sociedad tardorromana.<\/p>\n<p><span style=\"color: #008080;\">Coloquio Internacional \u201c<em>Monumenta et Memoria<\/em>. Estudios de Epigraf\u00eda Romana\u201d<\/span><\/p>\n<p style=\"text-align: justify;\">Diecis\u00e9is especialistas de diez centros de investigaci\u00f3n debatieron\u00a0acerca del registro de la memoria a trav\u00e9s de la epigraf\u00eda y presentaron los resultados de sus investigaciones centradas en distintos contextos del Occidente romano los d\u00edas 22 y 23 de septiembre de 2016.<\/p>\n<p style=\"text-align: justify;\"><a href=\"https:\/\/grupos.unican.es\/ahir\/wp-content\/uploads\/2016\/10\/IMG_2036.jpg\"><img loading=\"lazy\" decoding=\"async\" class=\"alignleft size-full wp-image-79\" src=\"https:\/\/grupos.unican.es\/ahir\/wp-content\/uploads\/2016\/10\/IMG_2036.jpg\" alt=\"img_2036\" width=\"5184\" height=\"3456\" srcset=\"https:\/\/grupos.unican.es\/ahir\/wp-content\/uploads\/2016\/10\/IMG_2036.jpg 5184w, https:\/\/grupos.unican.es\/ahir\/wp-content\/uploads\/2016\/10\/IMG_2036-300x200.jpg 300w, https:\/\/grupos.unican.es\/ahir\/wp-content\/uploads\/2016\/10\/IMG_2036-768x512.jpg 768w, https:\/\/grupos.unican.es\/ahir\/wp-content\/uploads\/2016\/10\/IMG_2036-1024x683.jpg 1024w, https:\/\/grupos.unican.es\/ahir\/wp-content\/uploads\/2016\/10\/IMG_2036-1200x800.jpg 1200w\" sizes=\"auto, (max-width: 709px) 85vw, (max-width: 909px) 67vw, (max-width: 1362px) 62vw, 840px\" \/><\/a><\/p>\n<p>&nbsp;<\/p>\n<p>&nbsp;<\/p>\n<div data-canvas-width=\"707.4769604420109\"><\/div>\n<div style=\"text-align: justify;\" data-canvas-width=\"707.4769604420109\"><span style=\"color: #008080;\">JORNADA DE PUERTAS ABIERTAS<br \/>\n<span style=\"color: #000000;\">El 6 de septiembre de el equipo arqueol\u00f3gico del Proyecto <a href=\"https:\/\/grupos.unican.es\/ahir\/proyectos-de-investigacion\/132-2\/\">Paisaje Hist\u00f3rico Campoo Los Valles<\/a> explic\u00f3 los resultados de la campa\u00f1a arqueol\u00f3gica de 2016\u00a0a todos los que se acercaron\u00a0a las excavaciones en el sector de La Cueva en Camesa Rebolledo.<\/span><\/span><\/div>\n<div data-canvas-width=\"707.4769604420109\"><\/div>\n<div style=\"text-align: justify;\" data-canvas-width=\"707.4769604420109\"><span style=\"color: #008080;\">Charla-Coloquio \u00abProyecto de recuperaci\u00f3n del campamento romano de El Cincho (La Poblaci\u00f3n)\u00bb<\/span><\/div>\n<div style=\"text-align: justify;\" data-canvas-width=\"707.4769604420109\">El 30 de agosto de 2016\u00a0el arque\u00f3logo Manuel Garc\u00eda Alonso present\u00f3\u00a0el Proyecto de recuperaci\u00f3n del campamento romano de El Cincho (La Poblaci\u00f3n) en el sal\u00f3n de actos del pabell\u00f3n municipal de La Poblaci\u00f3n de Campoo de Yuso. Despu\u00e9s se realiz\u00f3 una visita al yacimiento para conocer los vestigios del campamento romano.<\/div>\n<div style=\"text-align: justify;\" data-canvas-width=\"707.4769604420109\"><\/div>\n<div style=\"text-align: justify;\" data-canvas-width=\"707.4769604420109\"><\/div>\n<div style=\"text-align: justify;\" data-canvas-width=\"707.4769604420109\"><span style=\"color: #008080;\">Charla-Coloquio \u00abEstas tierras son romanas\u00bb<\/span><\/div>\n<div style=\"text-align: justify;\" data-canvas-width=\"707.4769604420109\">El 11 de agosto de 2016 Carolina Cort\u00e9s imparti\u00f3 la charla coloquio \u00abEstas tierras son romanas\u00bb en la localidad de Mataporquera. Le sigui\u00f3 la visita a las excavaciones arqueol\u00f3gicas del sector de la Cueva en el yacimiento de Camesa-Rebolledo con la explicaci\u00f3n del equipo arqueol\u00f3gico.<\/div>\n","protected":false},"excerpt":{"rendered":"<p>2017 Conferencias A lo largo del a\u00f1o 2017 el grupo de investigaci\u00f3n ha organizado varias conferencias de diferentes investigadores de centros espa\u00f1oles y europeos. Los detalles de las mismas y los carteles se pueden ver en el facebook del grupo y en la p\u00e1gina de inicio de nuestra web: 8 de noviembre:\u00a0\u00abEl origen del arte &hellip; <a href=\"https:\/\/grupos.unican.es\/ahir\/congresos-y-seminarios\/\" class=\"more-link\">Continuar leyendo<span class=\"screen-reader-text\"> \u00abActividades\u00bb<\/span><\/a><\/p>\n","protected":false},"author":1,"featured_media":0,"parent":0,"menu_order":0,"comment_status":"closed","ping_status":"closed","template":"","meta":{"footnotes":""},"class_list":["post-89","page","type-page","status-publish","hentry"],"_links":{"self":[{"href":"https:\/\/grupos.unican.es\/ahir\/wp-json\/wp\/v2\/pages\/89","targetHints":{"allow":["GET"]}}],"collection":[{"href":"https:\/\/grupos.unican.es\/ahir\/wp-json\/wp\/v2\/pages"}],"about":[{"href":"https:\/\/grupos.unican.es\/ahir\/wp-json\/wp\/v2\/types\/page"}],"author":[{"embeddable":true,"href":"https:\/\/grupos.unican.es\/ahir\/wp-json\/wp\/v2\/users\/1"}],"replies":[{"embeddable":true,"href":"https:\/\/grupos.unican.es\/ahir\/wp-json\/wp\/v2\/comments?post=89"}],"version-history":[{"count":9,"href":"https:\/\/grupos.unican.es\/ahir\/wp-json\/wp\/v2\/pages\/89\/revisions"}],"predecessor-version":[{"id":314,"href":"https:\/\/grupos.unican.es\/ahir\/wp-json\/wp\/v2\/pages\/89\/revisions\/314"}],"wp:attachment":[{"href":"https:\/\/grupos.unican.es\/ahir\/wp-json\/wp\/v2\/media?parent=89"}],"curies":[{"name":"wp","href":"https:\/\/api.w.org\/{rel}","templated":true}]}}